{"id":421,"date":"2022-07-05T06:43:49","date_gmt":"2022-07-05T06:43:49","guid":{"rendered":"https:\/\/mwm.us.edu.pl\/?page_id=421"},"modified":"2022-07-06T14:47:32","modified_gmt":"2022-07-06T14:47:32","slug":"najczesciej-zadawane-pytania","status":"publish","type":"page","link":"https:\/\/mwm.us.edu.pl\/index.php\/najczesciej-zadawane-pytania\/","title":{"rendered":"Najcz\u0119\u015bciej zadawane pytania"},"content":{"rendered":"\n\t\t\t\t\t\t<style>\r\n\t\t\t\t<style>\r\n#wpsm_accordion_464 .wpsm_panel-heading{\r\n\tpadding:0px !important;\r\n}\r\n#wpsm_accordion_464 .wpsm_panel-title {\r\n\tmargin:0px !important; \r\n\ttext-transform:none !important;\r\n\tline-height: 1 !important;\r\n}\r\n#wpsm_accordion_464 .wpsm_panel-title a{\r\n\ttext-decoration:none;\r\n\toverflow:hidden;\r\n\tdisplay:block;\r\n\tpadding:0px;\r\n\tfont-size: 16px !important;\r\n\tfont-family: Arial !important;\r\n\tcolor:#233452 !important;\r\n\tborder-bottom:0px !important;\r\n}\r\n\r\n#wpsm_accordion_464 .wpsm_panel-title a:focus {\r\noutline: 0px !important;\r\n}\r\n\r\n#wpsm_accordion_464 .wpsm_panel-title a:hover, #wpsm_accordion_464 .wpsm_panel-title a:focus {\r\n\tcolor:#233452 !important;\r\n}\r\n#wpsm_accordion_464 .acc-a{\r\n\tcolor: #233452 !important;\r\n\tbackground-color:#e8e8e8 !important;\r\n\tborder-color: #ddd;\r\n}\r\n#wpsm_accordion_464 .wpsm_panel-default > .wpsm_panel-heading{\r\n\tcolor: #233452 !important;\r\n\tbackground-color: #e8e8e8 !important;\r\n\tborder-color: #e8e8e8 !important;\r\n\tborder-top-left-radius: 0px;\r\n\tborder-top-right-radius: 0px;\r\n}\r\n#wpsm_accordion_464 .wpsm_panel-default {\r\n\t\tborder:1px solid transparent !important;\r\n\t}\r\n#wpsm_accordion_464 {\r\n\tmargin-bottom: 20px;\r\n\toverflow: hidden;\r\n\tfloat: none;\r\n\twidth: 100%;\r\n\tdisplay: block;\r\n}\r\n#wpsm_accordion_464 .ac_title_class{\r\n\tdisplay: block;\r\n\tpadding-top: 12px;\r\n\tpadding-bottom: 12px;\r\n\tpadding-left: 15px;\r\n\tpadding-right: 15px;\r\n}\r\n#wpsm_accordion_464  .wpsm_panel {\r\n\toverflow:hidden;\r\n\t-webkit-box-shadow: 0 0px 0px rgba(0, 0, 0, .05);\r\n\tbox-shadow: 0 0px 0px rgba(0, 0, 0, .05);\r\n\t\tborder-radius: 4px;\r\n\t}\r\n#wpsm_accordion_464  .wpsm_panel + .wpsm_panel {\r\n\t\tmargin-top: 5px;\r\n\t}\r\n#wpsm_accordion_464  .wpsm_panel-body{\r\n\tbackground-color:#ffffff !important;\r\n\tcolor:#233452 !important;\r\n\tborder-top-color: #e8e8e8 !important;\r\n\tfont-size:14px !important;\r\n\tfont-family: Arial !important;\r\n\toverflow: hidden;\r\n\t\tborder: 2px solid #e8e8e8 !important;\r\n\t}\r\n\r\n#wpsm_accordion_464 .ac_open_cl_icon{\r\n\tbackground-color:#e8e8e8 !important;\r\n\tcolor: #233452 !important;\r\n\tfloat:left !important;\r\n\tpadding-top: 12px !important;\r\n\tpadding-bottom: 12px !important;\r\n\tline-height: 1.0 !important;\r\n\tpadding-left: 15px !important;\r\n\tpadding-right: 15px !important;\r\n\tdisplay: inline-block !important;\r\n}\r\n\r\n\t\t\t #wpsm_accordion_464 .wpsm_panel-heading {\r\n\t\t\t\tbackground-image: url(https:\/\/mwm.us.edu.pl\/wp-content\/plugins\/responsive-accordion-and-collapse\/img\/style-soft.png);\r\n\t\t\t\tbackground-position: 0 0;\r\n\t\t\t\tbackground-repeat: repeat-x;\r\n\t\t\t}\r\n\t\t\t#wpsm_accordion_464 .ac_open_cl_icon{\r\n\t\t\t\tbackground-image: url(https:\/\/mwm.us.edu.pl\/wp-content\/plugins\/responsive-accordion-and-collapse\/img\/style-soft.png);\r\n\t\t\t\tbackground-position: 0 0;\r\n\t\t\t\tbackground-repeat: repeat-x;\r\n\t\t\t}\r\n\t\t\t<\/style>\t\r\n\t\t\t<\/style>\r\n\t\t\t<div class=\"wpsm_panel-group\" id=\"wpsm_accordion_464\" >\r\n\t\t\t\t\t\t\t\t\r\n\t\t\t\t\t<!-- Inner panel Start -->\r\n\t\t\t\t\t<div class=\"wpsm_panel wpsm_panel-default\">\r\n\t\t\t\t\t\t<div class=\"wpsm_panel-heading\" role=\"tab\" >\r\n\t\t\t\t\t\t  <h4 class=\"wpsm_panel-title\">\r\n\t\t\t\t\t\t\t<a  class=\"\"  data-toggle=\"collapse\" data-parent=\"#wpsm_accordion_464 \" href=\"javascript:void(0)\" data-target=\"#ac_464_collapse1\" onclick=\"do_resize()\">\r\n\t\t\t\t\t\t\t\t\t\t\t\t\t\t\t\t\t<span class=\"ac_open_cl_icon fa fa-plus\"><\/span>\r\n\t\t\t\t\t\t\t\t\t\r\n\t\t\t\t\t\t\t\t \r\n\t\t\t\t\t\t\t\t<span class=\"ac_title_class\">\r\n\t\t\t\t\t\t\t\t\tJakie podmioty, kt\u00f3re JST, mog\u0105 przyst\u0105pi\u0107 do projektu?\t\t\t\t\t\t\t\t<\/span>\r\n\t\t\t\t\t\t\t<\/a>\r\n\t\t\t\t\t\t  <\/h4>\r\n\t\t\t\t\t\t<\/div>\r\n\t\t\t\t\t\t<div id=\"ac_464_collapse1\" class=\"wpsm_panel-collapse collapse \"  >\r\n\t\t\t\t\t\t  <div class=\"wpsm_panel-body\">\r\n\t\t\t\t\t\t\tDo projektu mo\u017ce przyst\u0105pi\u0107 jednostka samorz\u0105du terytorialnego i podzia\u0142u administracyjnego II stopnia czyli powiat, w tym miasto na prawach powiatu. Lista 380 powiat\u00f3w \u2013 wraz ze wska\u017anikami dotycz\u0105cymi populacji, obszaru i stopy urbanizacji znajduje si\u0119 na stronie internetowej <a href=\"https:\/\/www.polskawliczbach.pl\/Powiaty\" rel=\"noopener\" target=\"_blank\">https:\/\/www.polskawliczbach.pl\/Powiaty<\/a>.\t\t\t\t\t\t  <\/div>\r\n\t\t\t\t\t\t<\/div>\r\n\t\t\t\t\t<\/div>\r\n\t\t\t\t\t<!-- Inner panel End -->\r\n\t\t\t\t\t\r\n\t\t\t\t\t\t\t\t\r\n\t\t\t\t\t<!-- Inner panel Start -->\r\n\t\t\t\t\t<div class=\"wpsm_panel wpsm_panel-default\">\r\n\t\t\t\t\t\t<div class=\"wpsm_panel-heading\" role=\"tab\" >\r\n\t\t\t\t\t\t  <h4 class=\"wpsm_panel-title\">\r\n\t\t\t\t\t\t\t<a  class=\"collapsed\"  data-toggle=\"collapse\" data-parent=\"#wpsm_accordion_464 \" href=\"javascript:void(0)\" data-target=\"#ac_464_collapse2\" onclick=\"do_resize()\">\r\n\t\t\t\t\t\t\t\t\t\t\t\t\t\t\t\t\t<span class=\"ac_open_cl_icon fa fa-plus\"><\/span>\r\n\t\t\t\t\t\t\t\t\t\r\n\t\t\t\t\t\t\t\t \r\n\t\t\t\t\t\t\t\t<span class=\"ac_title_class\">\r\n\t\t\t\t\t\t\t\t\tJaki jest spos\u00f3b organizacji i wnioskowania, czyli szczeg\u00f3\u0142y dotycz\u0105ce projektu, gdzie mo\u017cna je odnale\u017a\u0107?\t\t\t\t\t\t\t\t<\/span>\r\n\t\t\t\t\t\t\t<\/a>\r\n\t\t\t\t\t\t  <\/h4>\r\n\t\t\t\t\t\t<\/div>\r\n\t\t\t\t\t\t<div id=\"ac_464_collapse2\" class=\"wpsm_panel-collapse collapse \"  >\r\n\t\t\t\t\t\t  <div class=\"wpsm_panel-body\">\r\n\t\t\t\t\t\t\tWszystkie szczeg\u00f3\u0142y dotycz\u0105ce organizacji i wnioskowania do udzia\u0142u w projekcie znajduj\u0105 si\u0119 na stronie internetowej <a href=\"https:\/\/mwm.us.edu.pl\" rel=\"noopener\" target=\"_blank\">https:\/\/mwm.us.edu.pl<\/a> (patrz: \u201eRegulamin organizacji i udzia\u0142u\u201d wraz z za\u0142\u0105cznikami). Udzia\u0142 w projekcie nie wymaga wk\u0142adu w\u0142asnego ze strony JST.\t\t\t\t\t\t  <\/div>\r\n\t\t\t\t\t\t<\/div>\r\n\t\t\t\t\t<\/div>\r\n\t\t\t\t\t<!-- Inner panel End -->\r\n\t\t\t\t\t\r\n\t\t\t\t\t\t\t\t\r\n\t\t\t\t\t<!-- Inner panel Start -->\r\n\t\t\t\t\t<div class=\"wpsm_panel wpsm_panel-default\">\r\n\t\t\t\t\t\t<div class=\"wpsm_panel-heading\" role=\"tab\" >\r\n\t\t\t\t\t\t  <h4 class=\"wpsm_panel-title\">\r\n\t\t\t\t\t\t\t<a  class=\"collapsed\"  data-toggle=\"collapse\" data-parent=\"#wpsm_accordion_464 \" href=\"javascript:void(0)\" data-target=\"#ac_464_collapse3\" onclick=\"do_resize()\">\r\n\t\t\t\t\t\t\t\t\t\t\t\t\t\t\t\t\t<span class=\"ac_open_cl_icon fa fa-plus\"><\/span>\r\n\t\t\t\t\t\t\t\t\t\r\n\t\t\t\t\t\t\t\t \r\n\t\t\t\t\t\t\t\t<span class=\"ac_title_class\">\r\n\t\t\t\t\t\t\t\t\tCzy w imieniu Powiatu mo\u017ce sk\u0142ada\u0107 wniosek upowa\u017cniona instytucja np. zajmuj\u0105ca si\u0119 wczesnym wspomaganiem dzieci?\t\t\t\t\t\t\t\t<\/span>\r\n\t\t\t\t\t\t\t<\/a>\r\n\t\t\t\t\t\t  <\/h4>\r\n\t\t\t\t\t\t<\/div>\r\n\t\t\t\t\t\t<div id=\"ac_464_collapse3\" class=\"wpsm_panel-collapse collapse \"  >\r\n\t\t\t\t\t\t  <div class=\"wpsm_panel-body\">\r\n\t\t\t\t\t\t\tTak, w imieniu Powiatu mo\u017ce sk\u0142ada\u0107 wniosek inna upowa\u017cniona instytucja. WA\u017bNE: Umowa o wsp\u00f3\u0142pracy musi by\u0107 podpisana mi\u0119dzy Uniwersytetem \u015al\u0105skim i JST.\t\t\t\t\t\t  <\/div>\r\n\t\t\t\t\t\t<\/div>\r\n\t\t\t\t\t<\/div>\r\n\t\t\t\t\t<!-- Inner panel End -->\r\n\t\t\t\t\t\r\n\t\t\t\t\t\t\t\t\r\n\t\t\t\t\t<!-- Inner panel Start -->\r\n\t\t\t\t\t<div class=\"wpsm_panel wpsm_panel-default\">\r\n\t\t\t\t\t\t<div class=\"wpsm_panel-heading\" role=\"tab\" >\r\n\t\t\t\t\t\t  <h4 class=\"wpsm_panel-title\">\r\n\t\t\t\t\t\t\t<a  class=\"collapsed\"  data-toggle=\"collapse\" data-parent=\"#wpsm_accordion_464 \" href=\"javascript:void(0)\" data-target=\"#ac_464_collapse4\" onclick=\"do_resize()\">\r\n\t\t\t\t\t\t\t\t\t\t\t\t\t\t\t\t\t<span class=\"ac_open_cl_icon fa fa-plus\"><\/span>\r\n\t\t\t\t\t\t\t\t\t\r\n\t\t\t\t\t\t\t\t \r\n\t\t\t\t\t\t\t\t<span class=\"ac_title_class\">\r\n\t\t\t\t\t\t\t\t\tCzy rol\u0119 koordynatora MW ma pe\u0142ni\u0107 osoba z Powiatu?\t\t\t\t\t\t\t\t<\/span>\r\n\t\t\t\t\t\t\t<\/a>\r\n\t\t\t\t\t\t  <\/h4>\r\n\t\t\t\t\t\t<\/div>\r\n\t\t\t\t\t\t<div id=\"ac_464_collapse4\" class=\"wpsm_panel-collapse collapse \"  >\r\n\t\t\t\t\t\t  <div class=\"wpsm_panel-body\">\r\n\t\t\t\t\t\t\tTak, rol\u0119 koordynatora MW ma pe\u0142ni\u0107 osoba z Powiatu. Wynika to ze specyfiki projektu i mo\u017cliwo\u015bci faktycznej realizacji zada\u0144 koordynacyjnych w ramach tworzenia i testowania modelu wsparcia mi\u0119dzysektorowego na poziomie powiatu.\t\t\t\t\t\t  <\/div>\r\n\t\t\t\t\t\t<\/div>\r\n\t\t\t\t\t<\/div>\r\n\t\t\t\t\t<!-- Inner panel End -->\r\n\t\t\t\t\t\r\n\t\t\t\t\t\t\t\t\r\n\t\t\t\t\t<!-- Inner panel Start -->\r\n\t\t\t\t\t<div class=\"wpsm_panel wpsm_panel-default\">\r\n\t\t\t\t\t\t<div class=\"wpsm_panel-heading\" role=\"tab\" >\r\n\t\t\t\t\t\t  <h4 class=\"wpsm_panel-title\">\r\n\t\t\t\t\t\t\t<a  class=\"collapsed\"  data-toggle=\"collapse\" data-parent=\"#wpsm_accordion_464 \" href=\"javascript:void(0)\" data-target=\"#ac_464_collapse5\" onclick=\"do_resize()\">\r\n\t\t\t\t\t\t\t\t\t\t\t\t\t\t\t\t\t<span class=\"ac_open_cl_icon fa fa-plus\"><\/span>\r\n\t\t\t\t\t\t\t\t\t\r\n\t\t\t\t\t\t\t\t \r\n\t\t\t\t\t\t\t\t<span class=\"ac_title_class\">\r\n\t\t\t\t\t\t\t\t\tGdzie ma by\u0107 prowadzona ksi\u0119gowo\u015b\u0107 projektu?\t\t\t\t\t\t\t\t<\/span>\r\n\t\t\t\t\t\t\t<\/a>\r\n\t\t\t\t\t\t  <\/h4>\r\n\t\t\t\t\t\t<\/div>\r\n\t\t\t\t\t\t<div id=\"ac_464_collapse5\" class=\"wpsm_panel-collapse collapse \"  >\r\n\t\t\t\t\t\t  <div class=\"wpsm_panel-body\">\r\n\t\t\t\t\t\t\tKsi\u0119gowo\u015b\u0107 ca\u0142ego projektu: \u201eProjekt innowacyjno-wdro\u017ceniowy w zakresie oceny funkcjonalnej\u201d jest prowadzona w Uniwersytecie \u015al\u0105skim. Ksi\u0119gowo\u015b\u0107 zwi\u0105zana z finansowaniem realizacji zada\u0144 w ramach Porozumienia mi\u0119dzy Uniwersytetem i JST prowadzona jest w JST.\t\t\t\t\t\t  <\/div>\r\n\t\t\t\t\t\t<\/div>\r\n\t\t\t\t\t<\/div>\r\n\t\t\t\t\t<!-- Inner panel End -->\r\n\t\t\t\t\t\r\n\t\t\t\t\t\t\t\t\r\n\t\t\t\t\t<!-- Inner panel Start -->\r\n\t\t\t\t\t<div class=\"wpsm_panel wpsm_panel-default\">\r\n\t\t\t\t\t\t<div class=\"wpsm_panel-heading\" role=\"tab\" >\r\n\t\t\t\t\t\t  <h4 class=\"wpsm_panel-title\">\r\n\t\t\t\t\t\t\t<a  class=\"collapsed\"  data-toggle=\"collapse\" data-parent=\"#wpsm_accordion_464 \" href=\"javascript:void(0)\" data-target=\"#ac_464_collapse6\" onclick=\"do_resize()\">\r\n\t\t\t\t\t\t\t\t\t\t\t\t\t\t\t\t\t<span class=\"ac_open_cl_icon fa fa-plus\"><\/span>\r\n\t\t\t\t\t\t\t\t\t\r\n\t\t\t\t\t\t\t\t \r\n\t\t\t\t\t\t\t\t<span class=\"ac_title_class\">\r\n\t\t\t\t\t\t\t\t\tCzy szkolenia dla Koordynator\u00f3w WM i przedstawicieli IK b\u0119d\u0105 organizowane w formie stacjonarnej, on-line czy w obu.\t\t\t\t\t\t\t\t<\/span>\r\n\t\t\t\t\t\t\t<\/a>\r\n\t\t\t\t\t\t  <\/h4>\r\n\t\t\t\t\t\t<\/div>\r\n\t\t\t\t\t\t<div id=\"ac_464_collapse6\" class=\"wpsm_panel-collapse collapse \"  >\r\n\t\t\t\t\t\t  <div class=\"wpsm_panel-body\">\r\n\t\t\t\t\t\t\tSzkolenia dla Koordynator\u00f3w WM i przedstawicieli IK b\u0119d\u0105 organizowane w zale\u017cno\u015bci od specyfiki podejmowanego tematu oraz celu szkolenia zar\u00f3wno w formie stacjonarnej, jak i on-line.\t\t\t\t\t\t  <\/div>\r\n\t\t\t\t\t\t<\/div>\r\n\t\t\t\t\t<\/div>\r\n\t\t\t\t\t<!-- Inner panel End -->\r\n\t\t\t\t\t\r\n\t\t\t\t\t\t\t\t\r\n\t\t\t\t\t<!-- Inner panel Start -->\r\n\t\t\t\t\t<div class=\"wpsm_panel wpsm_panel-default\">\r\n\t\t\t\t\t\t<div class=\"wpsm_panel-heading\" role=\"tab\" >\r\n\t\t\t\t\t\t  <h4 class=\"wpsm_panel-title\">\r\n\t\t\t\t\t\t\t<a  class=\"collapsed\"  data-toggle=\"collapse\" data-parent=\"#wpsm_accordion_464 \" href=\"javascript:void(0)\" data-target=\"#ac_464_collapse7\" onclick=\"do_resize()\">\r\n\t\t\t\t\t\t\t\t\t\t\t\t\t\t\t\t\t<span class=\"ac_open_cl_icon fa fa-plus\"><\/span>\r\n\t\t\t\t\t\t\t\t\t\r\n\t\t\t\t\t\t\t\t \r\n\t\t\t\t\t\t\t\t<span class=\"ac_title_class\">\r\n\t\t\t\t\t\t\t\t\tCzy szkolenia w formie stacjonarnej b\u0119d\u0105 si\u0119 odbywa\u0107 w Katowicach czy mo\u017ce w innym mie\u015bcie?\t\t\t\t\t\t\t\t<\/span>\r\n\t\t\t\t\t\t\t<\/a>\r\n\t\t\t\t\t\t  <\/h4>\r\n\t\t\t\t\t\t<\/div>\r\n\t\t\t\t\t\t<div id=\"ac_464_collapse7\" class=\"wpsm_panel-collapse collapse \"  >\r\n\t\t\t\t\t\t  <div class=\"wpsm_panel-body\">\r\n\t\t\t\t\t\t\tSzkolenia w formie stacjonarnej b\u0119d\u0105 odbywa\u0107 si\u0119 w czterech lokalizacjach w na terenie kraju. Wyb\u00f3r miejsc nast\u0105pi po zako\u0144czeniu rekrutacji tak, by przy wyborze uwzgl\u0119dni\u0107 mo\u017cliwo\u015bci logistyczne i dost\u0119pno\u015b\u0107 miejsca, z punktu widzenia bior\u0105cych udzia\u0142 w projekcie JST.\t\t\t\t\t\t  <\/div>\r\n\t\t\t\t\t\t<\/div>\r\n\t\t\t\t\t<\/div>\r\n\t\t\t\t\t<!-- Inner panel End -->\r\n\t\t\t\t\t\r\n\t\t\t\t\t\t\t\t\r\n\t\t\t\t\t<!-- Inner panel Start -->\r\n\t\t\t\t\t<div class=\"wpsm_panel wpsm_panel-default\">\r\n\t\t\t\t\t\t<div class=\"wpsm_panel-heading\" role=\"tab\" >\r\n\t\t\t\t\t\t  <h4 class=\"wpsm_panel-title\">\r\n\t\t\t\t\t\t\t<a  class=\"collapsed\"  data-toggle=\"collapse\" data-parent=\"#wpsm_accordion_464 \" href=\"javascript:void(0)\" data-target=\"#ac_464_collapse8\" onclick=\"do_resize()\">\r\n\t\t\t\t\t\t\t\t\t\t\t\t\t\t\t\t\t<span class=\"ac_open_cl_icon fa fa-plus\"><\/span>\r\n\t\t\t\t\t\t\t\t\t\r\n\t\t\t\t\t\t\t\t \r\n\t\t\t\t\t\t\t\t<span class=\"ac_title_class\">\r\n\t\t\t\t\t\t\t\t\tKto ponosi koszty nocleg\u00f3w i dojazdu na szkolenia stacjonarne?\t\t\t\t\t\t\t\t<\/span>\r\n\t\t\t\t\t\t\t<\/a>\r\n\t\t\t\t\t\t  <\/h4>\r\n\t\t\t\t\t\t<\/div>\r\n\t\t\t\t\t\t<div id=\"ac_464_collapse8\" class=\"wpsm_panel-collapse collapse \"  >\r\n\t\t\t\t\t\t  <div class=\"wpsm_panel-body\">\r\n\t\t\t\t\t\t\tKoszty nocleg\u00f3w i dojazdu na szkolenia stacjonarne pozostaj\u0105 po stronie realizatora szkole\u0144, kt\u00f3rym jest Uniwersytet \u015al\u0105ski.\t\t\t\t\t\t  <\/div>\r\n\t\t\t\t\t\t<\/div>\r\n\t\t\t\t\t<\/div>\r\n\t\t\t\t\t<!-- Inner panel End -->\r\n\t\t\t\t\t\r\n\t\t\t\t\t\t\t\t\r\n\t\t\t\t\t<!-- Inner panel Start -->\r\n\t\t\t\t\t<div class=\"wpsm_panel wpsm_panel-default\">\r\n\t\t\t\t\t\t<div class=\"wpsm_panel-heading\" role=\"tab\" >\r\n\t\t\t\t\t\t  <h4 class=\"wpsm_panel-title\">\r\n\t\t\t\t\t\t\t<a  class=\"collapsed\"  data-toggle=\"collapse\" data-parent=\"#wpsm_accordion_464 \" href=\"javascript:void(0)\" data-target=\"#ac_464_collapse9\" onclick=\"do_resize()\">\r\n\t\t\t\t\t\t\t\t\t\t\t\t\t\t\t\t\t<span class=\"ac_open_cl_icon fa fa-plus\"><\/span>\r\n\t\t\t\t\t\t\t\t\t\r\n\t\t\t\t\t\t\t\t \r\n\t\t\t\t\t\t\t\t<span class=\"ac_title_class\">\r\n\t\t\t\t\t\t\t\t\tCzy szkolenia stacjonarne b\u0119d\u0105 si\u0119 odbywa\u0107 w weekendy czy w tygodniu?\t\t\t\t\t\t\t\t<\/span>\r\n\t\t\t\t\t\t\t<\/a>\r\n\t\t\t\t\t\t  <\/h4>\r\n\t\t\t\t\t\t<\/div>\r\n\t\t\t\t\t\t<div id=\"ac_464_collapse9\" class=\"wpsm_panel-collapse collapse \"  >\r\n\t\t\t\t\t\t  <div class=\"wpsm_panel-body\">\r\n\t\t\t\t\t\t\tSzkolenia stacjonarne w wi\u0119kszo\u015bci przypadk\u00f3w zaplanowane s\u0105 do realizacji w tygodniu. Organizator zastrzega sobie jednak mo\u017cliwo\u015b\u0107, w uzasadnionych przypadkach, przeprowadzenia szkolenia w weekend.\t\t\t\t\t\t  <\/div>\r\n\t\t\t\t\t\t<\/div>\r\n\t\t\t\t\t<\/div>\r\n\t\t\t\t\t<!-- Inner panel End -->\r\n\t\t\t\t\t\r\n\t\t\t\t\t\t\t\t\r\n\t\t\t\t\t<!-- Inner panel Start -->\r\n\t\t\t\t\t<div class=\"wpsm_panel wpsm_panel-default\">\r\n\t\t\t\t\t\t<div class=\"wpsm_panel-heading\" role=\"tab\" >\r\n\t\t\t\t\t\t  <h4 class=\"wpsm_panel-title\">\r\n\t\t\t\t\t\t\t<a  class=\"collapsed\"  data-toggle=\"collapse\" data-parent=\"#wpsm_accordion_464 \" href=\"javascript:void(0)\" data-target=\"#ac_464_collapse10\" onclick=\"do_resize()\">\r\n\t\t\t\t\t\t\t\t\t\t\t\t\t\t\t\t\t<span class=\"ac_open_cl_icon fa fa-plus\"><\/span>\r\n\t\t\t\t\t\t\t\t\t\r\n\t\t\t\t\t\t\t\t \r\n\t\t\t\t\t\t\t\t<span class=\"ac_title_class\">\r\n\t\t\t\t\t\t\t\t\tCzy jest mo\u017cliwe uzyskanie wzoru sprawozdania merytorycznego i finansowego?\t\t\t\t\t\t\t\t<\/span>\r\n\t\t\t\t\t\t\t<\/a>\r\n\t\t\t\t\t\t  <\/h4>\r\n\t\t\t\t\t\t<\/div>\r\n\t\t\t\t\t\t<div id=\"ac_464_collapse10\" class=\"wpsm_panel-collapse collapse \"  >\r\n\t\t\t\t\t\t  <div class=\"wpsm_panel-body\">\r\n\t\t\t\t\t\t\tWzory sprawozdania merytorycznego i finansowego stanowi\u0105 za\u0142\u0105czniki do \u201ePorozumienia w sprawie udzia\u0142u w zadaniu\u201d i s\u0105 dost\u0119pne na stronie internetowej projektu <a href=\"https:\/\/mwm.us.edu.pl\/wp-content\/uploads\/2022\/07\/2.-Zalacznik-nr-1-do-Regulaminu_Wzor-porozumienia.pdf\" rel=\"noopener\" target=\"_blank\">https:\/\/mwm.us.edu.pl\/wp-content\/uploads\/2022\/07\/2.-Zalacznik-nr-1-do-Regulaminu_Wzor-porozumienia.pdf<\/a>.\t\t\t\t\t\t  <\/div>\r\n\t\t\t\t\t\t<\/div>\r\n\t\t\t\t\t<\/div>\r\n\t\t\t\t\t<!-- Inner panel End -->\r\n\t\t\t\t\t\r\n\t\t\t\t\t\t\t\t\r\n\t\t\t\t\t<!-- Inner panel Start -->\r\n\t\t\t\t\t<div class=\"wpsm_panel wpsm_panel-default\">\r\n\t\t\t\t\t\t<div class=\"wpsm_panel-heading\" role=\"tab\" >\r\n\t\t\t\t\t\t  <h4 class=\"wpsm_panel-title\">\r\n\t\t\t\t\t\t\t<a  class=\"collapsed\"  data-toggle=\"collapse\" data-parent=\"#wpsm_accordion_464 \" href=\"javascript:void(0)\" data-target=\"#ac_464_collapse11\" onclick=\"do_resize()\">\r\n\t\t\t\t\t\t\t\t\t\t\t\t\t\t\t\t\t<span class=\"ac_open_cl_icon fa fa-plus\"><\/span>\r\n\t\t\t\t\t\t\t\t\t\r\n\t\t\t\t\t\t\t\t \r\n\t\t\t\t\t\t\t\t<span class=\"ac_title_class\">\r\n\t\t\t\t\t\t\t\t\tJaka jest procedura organizacji i realizacji bada\u0144 w powiecie w populacji uczni\u00f3w szk\u00f3\u0142 podstawowych i ponadpodstawowych?\t\t\t\t\t\t\t\t<\/span>\r\n\t\t\t\t\t\t\t<\/a>\r\n\t\t\t\t\t\t  <\/h4>\r\n\t\t\t\t\t\t<\/div>\r\n\t\t\t\t\t\t<div id=\"ac_464_collapse11\" class=\"wpsm_panel-collapse collapse \"  >\r\n\t\t\t\t\t\t  <div class=\"wpsm_panel-body\">\r\n\t\t\t\t\t\t\t<p>Badania dotycz\u0105 uczni\u00f3w na ka\u017cdym etapie edukacji, prowadzone b\u0119d\u0105 w klasach I-III i IV-VIII szko\u0142y podstawowej oraz w szko\u0142ach ponadpodstawowych.<\/p>\r\n\r\n<p>Procedura bada\u0144 sk\u0142ada si\u0119 z trzech etap\u00f3w. Na etapie I i II osobami wype\u0142niaj\u0105cymi ankiety mog\u0105 by\u0107 nauczyciele, kt\u00f3rzy dobrze znaj\u0105 ucznia (nauczyciele edukacji wczesnoszkolnej, nauczyciele przedmiot\u00f3w, wychowawcy klas lub nauczyciele \u2013 specjali\u015bci np. pedagodzy\/psychologowie szkolni). Na etapie III koordynator bada\u0144 gromadzi dane dotycz\u0105ce uczni\u00f3w i opracowuje dla nich plan wsparcia mi\u0119dzysektorowego.<\/p>\r\n\r\n<p><em>Etap I<\/em><\/p>\r\n\r\n<p>Obejmuje badania wst\u0119pne. W ka\u017cdym powiecie jest badanych oko\u0142o 200 uczni\u00f3w z r\u00f3\u017cnych klas szko\u0142y podstawowej\/\u015bredniej. Narz\u0119dzie to 9 punktowy Formularz Konsultacji Zespo\u0142owych (FZK).<\/p>\r\n\r\n<p><em>Etap II<\/em><\/p>\r\n\r\n<p>Obejmuje uczni\u00f3w, u kt\u00f3rych na I etapie stwierdzono wyst\u0119powanie dodatkowych potrzeb (na podstawie badania FKZ). W ka\u017cdym powiecie jest badanych oko\u0142o 70 uczni\u00f3w. Ankiety wype\u0142niane s\u0105 podobnie jak w etapie I przez nauczyciela dobrze znaj\u0105cego dziecko.<\/p>\r\n\r\n<p>Podstawowe narz\u0119dzie to Arkusz Oceny Ucznia, kt\u00f3ry zawiera opisy zachowa\u0144 w ka\u017cdym z 9 obszar\u00f3w. Nauczyciel ocenia, czy u ucznia wyst\u0119puje \u2013 czy nie wyst\u0119puje dane zachowanie.<\/p>\r\n\r\n<p><em>Etap III<\/em><\/p>\r\n\r\n<p>Na tym etapie w ka\u017cdym z powiat\u00f3w wybranych zostanie w porozumieniu z koordynatorami zadania 10 uczni\u00f3w\/uczennic. Zadaniem koordynatora powiatowego b\u0119dzie koordynowanie pog\u0142\u0119bionej oceny funkcjonalnej tych uczni\u00f3w \u2013 w porozumieniu z nauczycielami ucznia oraz specjalistami w szkole i poradni psychologiczno-pedagogicznej. Pog\u0142\u0119biona ocena funkcjonalna obejmuje analiz\u0119 diagnozy psychologiczno-pedagogicznej oraz przygotowanie Indywidualnego Planu Edukacyjnego i Indywidualnego Planu Wspierania Ucznia I Rodziny (IPWUR) o charakterze mi\u0119dzysektorowym, monitorowanie realizacji IPE i IPWUR przez okres 6 miesi\u0119cy, ewaluacj\u0119 IPE i IPWUR oraz przygotowanie rekomendacji do modelu oceny funkcjonalnej, w tym modelu wsparcia ucznia i rodziny, w edukacji w\u0142\u0105czaj\u0105cej.<\/p>\t\t\t\t\t\t  <\/div>\r\n\t\t\t\t\t\t<\/div>\r\n\t\t\t\t\t<\/div>\r\n\t\t\t\t\t<!-- Inner panel End -->\r\n\t\t\t\t\t\r\n\t\t\t\t\t\t\t\t\r\n\t\t\t\t\t<!-- Inner panel Start -->\r\n\t\t\t\t\t<div class=\"wpsm_panel wpsm_panel-default\">\r\n\t\t\t\t\t\t<div class=\"wpsm_panel-heading\" role=\"tab\" >\r\n\t\t\t\t\t\t  <h4 class=\"wpsm_panel-title\">\r\n\t\t\t\t\t\t\t<a  class=\"collapsed\"  data-toggle=\"collapse\" data-parent=\"#wpsm_accordion_464 \" href=\"javascript:void(0)\" data-target=\"#ac_464_collapse12\" onclick=\"do_resize()\">\r\n\t\t\t\t\t\t\t\t\t\t\t\t\t\t\t\t\t<span class=\"ac_open_cl_icon fa fa-plus\"><\/span>\r\n\t\t\t\t\t\t\t\t\t\r\n\t\t\t\t\t\t\t\t \r\n\t\t\t\t\t\t\t\t<span class=\"ac_title_class\">\r\n\t\t\t\t\t\t\t\t\tJaka jest procedura bada\u0144 skriningowych ma\u0142ego dziecka w ramach WWR?\t\t\t\t\t\t\t\t<\/span>\r\n\t\t\t\t\t\t\t<\/a>\r\n\t\t\t\t\t\t  <\/h4>\r\n\t\t\t\t\t\t<\/div>\r\n\t\t\t\t\t\t<div id=\"ac_464_collapse12\" class=\"wpsm_panel-collapse collapse \"  >\r\n\t\t\t\t\t\t  <div class=\"wpsm_panel-body\">\r\n\t\t\t\t\t\t\t<p>Skrining rozwoju ma\u0142ego dziecka (SRMD) s\u0105 rodzajem strategicznego badania, kt\u00f3re z za\u0142o\u017cenia przeprowadza si\u0119 na og\u00f3lnej populacji dzieci, w tym b\u0119d\u0105cych w grupie podwy\u017cszonego ryzyka lub u kt\u00f3rych zaobserwowano niepokoj\u0105ce sygna\u0142y zaburze\u0144 rozwoju lub trudno\u015bci w uczeniu si\u0119 i codziennym funkcjonowaniu emocjonalno-spo\u0142ecznym.<\/p>\r\n\r\n<p><em>Badania realizowane s\u0105 na terenie powiatu:<\/em><\/p>\r\n<ul>\r\n \t<li>w plac\u00f3wkach opieki nad ma\u0142ym dzieckiem do lat 3<\/li>\r\n \t<li>w przedszkolach<\/li>\r\n \t<li>w poradni, domu<\/li>\r\n<\/ul>\r\n<p>Badania s\u0105 koordynowane przez Instytucj\u0119 koordynacyjn\u0105<\/p>\r\n\r\n<p><strong>Osobami odpowiedzialnymi s\u0105: <\/strong><\/p>\r\n\r\n<p>Koordynator ds. bada\u0144 w Instytucji koordynacyjnej<\/p>\r\n\r\n<p>Realizatorzy bada\u0144 w plac\u00f3wkach czyli:<\/p>\r\n<ul>\r\n \t<li>specjali\u015bci (psycholog, logoped, pedagog specjalnych, fizjoterapeuta i innych terapeuta, pracuj\u0105cy w zespo\u0142ach WWR w podmiotach b\u0119d\u0105cych w lokalnej sieci WWR, w instytucji koordynuj\u0105cej WWR na terenie powiatu,<\/li>\r\n \t<li>opiekunowie w instytucjach opieki nad ma\u0142ym dzieckiem, wychowawcy w przedszkolach, kt\u00f3rych zadaniem jest monitoring rozwoju kluczowych umiej\u0119tno\u015bci dzieci. Na podstawie informacji wynikaj\u0105cych z monitorowania oraz obserwacji funkcjonowania dzieci identyfikowane s\u0105 ewentualne trudno\u015bci i planowane s\u0105 dzia\u0142ania wspieraj\u0105ce, kt\u00f3re realizowane s\u0105 w trakcie codziennych czynno\u015bci opieku\u0144czych, zabawy i nauki i stanowi\u0105 podstawow\u0105 form\u0119 wspomagania rozwoju dzieci.<\/li>\r\n<\/ul>\r\n<p><em>Etap I: Organizacja bada\u0144<\/em><\/p>\r\nW Instytucji koordynuj\u0105cej (IK) powo\u0142uje si\u0119 Koordynatora ds. bada\u0144, kt\u00f3rego zadaniem jest:\r\n<ol>\r\n \t<li>udzia\u0142 w szkoleniu realizowanym przez U\u015a dot. procedur badawczych i zastosowania narz\u0119dzi badawczych<\/li>\r\n \t<li>prowadzenie rekrutacji plac\u00f3wek (\u017c\u0142obki, przedszkola, do udzia\u0142u w badaniach oraz os\u00f3b, kt\u00f3re b\u0119d\u0105 realizowa\u0107 badania na terenie plac\u00f3wek<\/li>\r\n \t<li>realizacja bada\u0144 na terenie Instytucji Koordynacyjnej dzieci nie obj\u0119tych opiek\u0105 instytucjonaln\u0105, szczeg\u00f3lnie dzieci w wieku 0-3 lata<\/li>\r\n \t<li>szkolenie, monitoring i koordynacja zada\u0144 zwi\u0105zanych z realizacj\u0105 bada\u0144, realizowanych w plac\u00f3wkach<\/li>\r\n \t<li>raport z bada\u0144 na podstawie danych wygenerowanych elektronicznie z narz\u0119dzia.<\/li>\r\n<\/ol>\r\n<p>Instytucja koordynuj\u0105ca dokonuje naboru \u015brednio po 2-3 plac\u00f3wki typu: \u017c\u0142obki, przedszkola z terenu powiatu, w kt\u00f3rych wskazuje si\u0119 opiekun\u00f3w, wychowawc\u00f3w, nauczycieli do realizacji bada\u0144 skriningowych, kt\u00f3rzy zobowi\u0105zani s\u0105 do zapoznania si\u0119 z zapoznanie z narz\u0119dziem, udzia\u0142u w szkoleniu informacyjnym<\/p>\r\n\r\n<p><em>Etap II: Realizacja bada\u0144<\/em><\/p>\r\n\r\n<p>W ka\u017cdym powiecie jest badanych oko\u0142o 420 dzieci w okresie wczesnego dzieci\u0144stwa: od 6 miesi\u0105ca do 6 lat w przedzia\u0142ach wiekowych (\u015brednio po 46 dzieci): 6-8 miesi\u0119cy, 12-14 miesi\u0119cy, 18-20 miesi\u0119cy, 24-26 miesi\u0119cy, 30-32 miesi\u0105ce, 3 lata, 4, lata, 5 lat, 6 lat. Badanie dzieci nie obj\u0119tych opiek\u0105 instytucjonalna, szczeg\u00f3lnie dzieci w wieku 6 miesi\u0119cy-3 lata obywa si\u0119 w instytucji koordynuj\u0105cej lub w domu dziecka. <\/p>\r\n\r\n<p>Badania przesiewowe wykonywane przy pomocy zestawu arkuszy obserwacji w wersji elektronicznej \u2013 Skrining Rozwoju ma\u0142ego dziecka (SRMD) oraz skr\u00f3conej Skali Rozwoju Dziecka. Badanie dokonywane jest na podstawie obserwacji dziecka w codziennych rutynowych aktywno\u015bciach i sytuacjach zadaniowych.<\/p>\r\n\r\n<p>Osoba realizuj\u0105ca badania:<\/p>\r\n<ul>\r\n \t<li>otrzymuje dost\u0119p do wersji elektronicznej narz\u0119dzia (aplikacji),<\/li>\r\n \t<li>dokonuje obserwacji dziecka<\/li>\r\n \t<li>rejestruje wyniki w skali oceny Tak -Nie w Arkuszu w wersji elektronicznej<\/li>\r\n \t<li>generuje z programu Profil Funkcjonalny Dziecka<\/li>\r\n \t<li>wprowadzenie danych - wynik\u00f3w do wersji elektronicznej narz\u0119dzia<\/li>\r\n \t<li>weryfikacja profili rozwoju dziecka, a w przypadku stwierdzenie trudno\u015bci rozwojowych pokierowanie dziecka i rodzic\u00f3w do instytucji Koordynacyjnej w celu pog\u0142\u0119bionej oceny funkcjonalnej i planowania wsparcia<\/li>\r\n<\/ul>\r\n<p><em>Etap III: Wdra\u017canie praktyczne \u2013 merytoryczna praca z rodzin\u0105 wed\u0142ug standard\u00f3w WWR<\/em><\/p>\r\n\r\n<p>Na tym etapie w Instytucji Koordynuj\u0105cej i podmiotach b\u0119d\u0105cych w sieci WWR przeprowadza si\u0119 procedur\u0119 kwalifikacji dziecka ze stwierdzonymi trudno\u015bciami lub zaburzeniami rozwojowymi, oceny funkcjonalnej i realizacji programu wsparcia dziecka i jego rodziny. Wsparcie obejmuje 10 rodzin w okresie 6 miesi\u0119cy tj. stycze\u0144-czerwie2023.<\/p>\r\n\r\n<p>Wsparcie obejmuje: pog\u0142\u0119biona ocen\u0119 funkcjonaln\u0105, przygotowanie Indywidualnego Planu Wczesnego wspomagania rozwoju dziecka i wsparcia rodziny, realizacj\u0119 dzia\u0142a\u0144 wspieraj\u0105cych oraz ich ewaluacj\u0119 o charakterze mi\u0119dzysektorowym. Monitorowanie realizacji IPWWR iWR odbywa si\u0119 przez okres 6 miesi\u0119cy, Wynikiem jest przygotowanie rekomendacji do modelu oceny funkcjonalnej, w tym modelu wsparcia dziecka i rodziny.<\/p>\t\t\t\t\t\t  <\/div>\r\n\t\t\t\t\t\t<\/div>\r\n\t\t\t\t\t<\/div>\r\n\t\t\t\t\t<!-- Inner panel End -->\r\n\t\t\t\t\t\r\n\t\t\t\t\t\t\t<\/div>\r\n\t\t\t\r\n<script type=\"text\/javascript\">\r\n\t\r\n\t\tfunction do_resize(){\r\n\r\n\t\t\tvar width=jQuery( '.wpsm_panel .wpsm_panel-body iframe' ).width();\r\n\t\t\tvar height=jQuery( '.wpsm_panel .wpsm_panel-body iframe' ).height();\r\n\r\n\t\t\tvar toggleSize = true;\r\n\t\t\tjQuery('iframe').animate({\r\n\t\t\t    width: toggleSize ? width : 640,\r\n\t\t\t    height: toggleSize ? height : 360\r\n\t\t\t  }, 250);\r\n\r\n\t\t\t  toggleSize = !toggleSize;\r\n\t\t}\r\n\t\t\r\n<\/script>\t\n","protected":false},"excerpt":{"rendered":"","protected":false},"author":1,"featured_media":0,"parent":0,"menu_order":0,"comment_status":"closed","ping_status":"closed","template":"","meta":{"footnotes":""},"class_list":["post-421","page","type-page","status-publish","hentry"],"_links":{"self":[{"href":"https:\/\/mwm.us.edu.pl\/index.php\/wp-json\/wp\/v2\/pages\/421","targetHints":{"allow":["GET"]}}],"collection":[{"href":"https:\/\/mwm.us.edu.pl\/index.php\/wp-json\/wp\/v2\/pages"}],"about":[{"href":"https:\/\/mwm.us.edu.pl\/index.php\/wp-json\/wp\/v2\/types\/page"}],"author":[{"embeddable":true,"href":"https:\/\/mwm.us.edu.pl\/index.php\/wp-json\/wp\/v2\/users\/1"}],"replies":[{"embeddable":true,"href":"https:\/\/mwm.us.edu.pl\/index.php\/wp-json\/wp\/v2\/comments?post=421"}],"version-history":[{"count":10,"href":"https:\/\/mwm.us.edu.pl\/index.php\/wp-json\/wp\/v2\/pages\/421\/revisions"}],"predecessor-version":[{"id":475,"href":"https:\/\/mwm.us.edu.pl\/index.php\/wp-json\/wp\/v2\/pages\/421\/revisions\/475"}],"wp:attachment":[{"href":"https:\/\/mwm.us.edu.pl\/index.php\/wp-json\/wp\/v2\/media?parent=421"}],"curies":[{"name":"wp","href":"https:\/\/api.w.org\/{rel}","templated":true}]}}