{"id":14,"date":"2022-05-11T12:38:35","date_gmt":"2022-05-11T12:38:35","guid":{"rendered":"https:\/\/mwm.us.edu.pl\/?page_id=14"},"modified":"2022-11-18T13:44:16","modified_gmt":"2022-11-18T13:44:16","slug":"powiaty","status":"publish","type":"page","link":"https:\/\/mwm.us.edu.pl\/index.php\/powiaty\/","title":{"rendered":"Powiaty"},"content":{"rendered":"\n<p>Dzi\u0119kujemy wszystkim powiatom za zg\u0142oszenie si\u0119 do projektu.&nbsp;<\/p>\n\n\n\n<figure class=\"wp-block-image aligncenter size-full is-resized\" style=\"border-radius:20px;\"><img loading=\"lazy\" decoding=\"async\" src=\"https:\/\/mwm.us.edu.pl\/wp-content\/uploads\/2022\/10\/IMG-20221022-WA0000-2.jpg\" alt=\"\" class=\"wp-image-799\" width=\"574\" height=\"430\" srcset=\"https:\/\/mwm.us.edu.pl\/wp-content\/uploads\/2022\/10\/IMG-20221022-WA0000-2.jpg 1024w, https:\/\/mwm.us.edu.pl\/wp-content\/uploads\/2022\/10\/IMG-20221022-WA0000-2-300x225.jpg 300w, https:\/\/mwm.us.edu.pl\/wp-content\/uploads\/2022\/10\/IMG-20221022-WA0000-2-768x576.jpg 768w, https:\/\/mwm.us.edu.pl\/wp-content\/uploads\/2022\/10\/IMG-20221022-WA0000-2-920x690.jpg 920w, https:\/\/mwm.us.edu.pl\/wp-content\/uploads\/2022\/10\/IMG-20221022-WA0000-2-230x173.jpg 230w, https:\/\/mwm.us.edu.pl\/wp-content\/uploads\/2022\/10\/IMG-20221022-WA0000-2-350x263.jpg 350w, https:\/\/mwm.us.edu.pl\/wp-content\/uploads\/2022\/10\/IMG-20221022-WA0000-2-480x360.jpg 480w\" sizes=\"auto, (max-width: 574px) 100vw, 574px\" \/><\/figure>\n\n\n\n<p>Powiaty uczestnicz\u0105ce w projekcie s\u0105 zr\u00f3\u017cnicowane pod wzgl\u0119dem&nbsp;obszaru, populacji oraz stopy urbanizacji.<\/p>\n\n\n<div class=\"map_wrapper\" id=\"map_wrapper_79\">\n<div class=\"map_box\" style=\"max-width:2000px\">\n<div class=\"map_aspect_ratio\" style=\"padding-top:56%\" data-padding-top=\"56%\" data-padding-top-mobile=\"0%\">\n<div class=\"map_container\">\n<div class=\"map_render map_loading\" id=\"map_79\"><\/div>\n<\/div>\n<\/div>\n<\/div>\n<\/div>\n\n\n\n<h4 class=\"wp-block-heading\">Wojew\u00f3dztwo dolno\u015bl\u0105skie:<\/h4>\n\n\n\n<div style=\"border: 1px solid #aaa; border-radius: 0.5rem;\">\n<div style=\"padding: 0.5rem; background: #eee; border-radius: 0.5rem 0.5rem 0 0;\">powiat boles\u0142awiecki<\/div>\n<p style=\"margin: 0; padding: 0.5rem;\">Koordynator wsparcia mi\u0119dzysektorowego: <em><strong>Katarzyna Zi\u0119ba<\/strong><\/em> <i class=\"fas fa-solid fa-envelope\"><\/i> <a href=\"mailto:k.zieba@powiatboleslawiecki.pl\">k.zieba@powiatboleslawiecki.pl<\/a><br>Koordynator Instytucji Koordynuj\u0105cej: <em><strong>Sylwia Bro\u0144ska<\/strong><\/em> <i class=\"fas fa-solid fa-envelope\"><\/i> <a href=\"mailto:sylwia.bronska@wp.pl\">sylwia.bronska@wp.pl<\/a><\/p>\n<\/div>\n\n\n\n<div style=\"border: 1px solid #aaa; border-radius: 0.5rem;\">\n<div style=\"padding: 0.5rem; background: #eee; border-radius: 0.5rem 0.5rem 0 0;\">powiat jaworski<\/div>\n<p style=\"margin: 0; padding: 0.5rem;\">Koordynator wsparcia mi\u0119dzysektorowego: <em><strong>Beata Janas<\/strong><\/em> <i class=\"fas fa-solid fa-envelope\"><\/i> <a href=\"mailto:b.janas@powiat-jawor.home.pl\">b.janas@powiat-jawor.home.pl<\/a><br>Koordynator Instytucji Koordynuj\u0105cej: <em><strong>Dorota Domi\u0144ska &#8211; Werbel<\/strong><\/em> <i class=\"fas fa-solid fa-envelope\"><\/i> <a href=\"mailto:dorota.dominska-werbel@wp.pl\">dorota.dominska-werbel@wp.pl<\/a><\/p>\n<\/div>\n\n\n\n<h4 class=\"wp-block-heading\">Wojew\u00f3dztwo kujawsko-pomorskie:<\/h4>\n\n\n\n<div style=\"border: 1px solid #aaa; border-radius: 0.5rem;\">\n<div style=\"padding: 0.5rem; background: #eee; border-radius: 0.5rem 0.5rem 0 0;\">Toru\u0144 (miasto na prawach powiatu)<\/div>\n<p style=\"margin: 0; padding: 0.5rem;\">Koordynator wsparcia mi\u0119dzysektorowego: <em><strong>Iwona Preisner<\/strong><\/em> <i class=\"fas fa-solid fa-envelope\"><\/i> <a href=\"mailto:iwona.preisner@ppp.torun.pl\">iwona.preisner@ppp.torun.pl<\/a><br>Koordynator Instytucji Koordynuj\u0105cej: <em><strong>Joanna Duszy\u0144ska<\/strong><\/em> <i class=\"fas fa-solid fa-envelope\"><\/i> <a href=\"mailto:joanna.duszynska@ppp.torun.pl\">joanna.duszynska@ppp.torun.pl<\/a><\/p>\n<\/div>\n\n\n\n<div style=\"border: 1px solid #aaa; border-radius: 0.5rem;\">\n<div style=\"padding: 0.5rem; background: #eee; border-radius: 0.5rem 0.5rem 0 0;\">powiat toru\u0144ski<\/div>\n<p style=\"margin: 0; padding: 0.5rem;\">Koordynator wsparcia mi\u0119dzysektorowego: \n<em><strong>Andrzej Pabian<\/strong><\/em> <i class=\"fas fa-solid fa-envelope\"><\/i> <a href=\"mailto:a.pabian@powiattorunski.pl\">a.pabian@powiattorunski.pl<\/a><br>Koordynator Instytucji Koordynuj\u0105cej: <em><strong>Ma\u0142gorzata Domalska<\/strong><\/em> <i class=\"fas fa-solid fa-envelope\"><\/i> <a href=\"mailto:sekretariat@poradnia-chelmza.pl\">sekretariat@poradnia-chelmza.pl<\/a><br><em><strong>Katarzyna Kosi\u0144ska<\/strong><\/em> <i class=\"fas fa-solid fa-envelope\"><\/i> <a href=\"mailto:sekretariat.dobrzejewice@poradnia-chelmza.pl\">sekretariat.dobrzejewice@poradnia-chelmza.pl<\/a><\/p>\n<\/div>\n\n\n\n<h4 class=\"wp-block-heading\">Wojew\u00f3dztwo lubelskie:<\/h4>\n\n\n\n<div style=\"border: 1px solid #aaa; border-radius: 0.5rem;\">\n<div style=\"padding: 0.5rem; background: #eee; border-radius: 0.5rem 0.5rem 0 0;\">Che\u0142m (miasto na prawach powiatu)<\/div>\n<p style=\"margin: 0; padding: 0.5rem;\">Koordynator wsparcia mi\u0119dzysektorowego: <em><strong>Ma\u0142gorzata Kwieci\u0144ska<\/strong><\/em> <i class=\"fas fa-solid fa-envelope\"><\/i> <a href=\"mailto:malgorzatakwiecinska@interia.pl\">malgorzatakwiecinska@interia.pl<\/a><br>Koordynator Instytucji Koordynuj\u0105cej: <em><strong>Agata Kwieci\u0144ska &#8211; Nowosad<\/strong><\/em> <i class=\"fas fa-solid fa-envelope\"><\/i> <a href=\"mailto:kwiecinska.nowosad@zwippp1.szkolnastrona.pl\">kwiecinska.nowosad@zwippp1.szkolnastrona.pl<\/a><\/p>\n<\/div>\n\n\n\n<div style=\"border: 1px solid #aaa; border-radius: 0.5rem;\">\n<div style=\"padding: 0.5rem; background: #eee; border-radius: 0.5rem 0.5rem 0 0;\">powiat \u0142\u0119czy\u0144ski<\/div>\n<p style=\"margin: 0; padding: 0.5rem;\">Koordynator wsparcia mi\u0119dzysektorowego: <em><strong>Ma\u0142gorzata Zarzycka<\/strong><\/em> <i class=\"fas fa-solid fa-envelope\"><\/i> <a href=\"mailto:m.zarzycka@ppp.powiatleczynski.pl\">m.zarzycka@ppp.powiatleczynski.pl<\/a><br>Koordynator Instytucji Koordynuj\u0105cej: <em><strong>Aleksandra Po\u0142e\u0107<\/strong><\/em> <i class=\"fas fa-solid fa-envelope\"><\/i> <a href=\"mailto:a.polec@ppp.powiatleczynski.pl\">a.polec@ppp.powiatleczynski.pl<\/a><\/p>\n<\/div>\n\n\n\n<div style=\"border: 1px solid #aaa; border-radius: 0.5rem;\">\n<div style=\"padding: 0.5rem; background: #eee; border-radius: 0.5rem 0.5rem 0 0;\">powiat \u015bwidnicki<\/div>\n<p style=\"margin: 0; padding: 0.5rem;\">Koordynator wsparcia mi\u0119dzysektorowego: <em><strong>Dariusz Sza\u0142aj\n<\/strong><\/em> <i class=\"fas fa-solid fa-envelope\"><\/i> <a href=\"mailto:dyrektor@poradnia.swidnik.pl\">dyrektor@poradnia.swidnik.pl<\/a><br>Koordynator Instytucji Koordynuj\u0105cej: <em><strong>Karolina Kuszewska<\/strong><\/em> <i class=\"fas fa-solid fa-envelope\"><\/i> <a href=\"mailto:karolinatr1@o2.pl\">karolinatr1@o2.pl<\/a><\/p>\n<\/div>\n\n\n\n<div style=\"border: 1px solid #aaa; border-radius: 0.5rem;\">\n<div style=\"padding: 0.5rem; background: #eee; border-radius: 0.5rem 0.5rem 0 0;\">powiat tomaszowski<\/div>\n<p style=\"margin: 0; padding: 0.5rem;\">Koordynator wsparcia mi\u0119dzysektorowego: <em><strong>Lilla Walczak\n<\/strong><\/em> <i class=\"fas fa-solid fa-envelope\"><\/i> <a href=\"mailto:lilla.walczak@op.pl\">lilla.walczak@op.pl<\/a><br>Koordynator Instytucji Koordynuj\u0105cej: <em><strong>Anna Syty<\/strong><\/em> <i class=\"fas fa-solid fa-envelope\"><\/i> <a href=\"mailto:dyrektor@ppp-tomaszow.pl\">dyrektor@ppp-tomaszow.pl<\/a><\/p>\n<\/div>\n\n\n\n<h4 class=\"wp-block-heading\">Wojew\u00f3dztwo \u0142\u00f3dzkie:<\/h4>\n\n\n\n<div style=\"border: 1px solid #aaa; border-radius: 0.5rem;\">\n<div style=\"padding: 0.5rem; background: #eee; border-radius: 0.5rem 0.5rem 0 0;\">\u0141\u00f3d\u017a (miasto na prawach powiatu)<\/div>\n<p style=\"margin: 0; padding: 0.5rem;\">Koordynator wsparcia mi\u0119dzysektorowego: <em><strong>Anna Tomaszewska<\/strong><\/em> <i class=\"fas fa-solid fa-envelope\"><\/i> <a href=\"mailto:slabowidz@blind.edu.pl\">slabowidz@blind.edu.pl<\/a><br>Koordynator Instytucji Koordynuj\u0105cej: <em><strong>Micha\u0142 Ziemniak<\/strong><\/em> <i class=\"fas fa-solid fa-envelope\"><\/i> <a href=\"mailto:michal.ziemniak@blind.edu.pl\">michal.ziemniak@blind.edu.pl<\/a><\/p>\n<\/div>\n\n\n\n<div style=\"border: 1px solid #aaa; border-radius: 0.5rem;\">\n<div style=\"padding: 0.5rem; background: #eee; border-radius: 0.5rem 0.5rem 0 0;\">powiat wielu\u0144ski<\/div>\n<p style=\"margin: 0; padding: 0.5rem;\">Koordynator wsparcia mi\u0119dzysektorowego: <em><strong>Zenon Ko\u0142odziej\n<\/strong><\/em> <i class=\"fas fa-solid fa-envelope\"><\/i> <a href=\"mailto:zkolodziej@powiat.wielun.pl\">zkolodziej@powiat.wielun.pl<\/a><br>Koordynator Instytucji Koordynuj\u0105cej: <em><strong>Barbara Pucha\u0142a\n<\/strong><\/em> <i class=\"fas fa-solid fa-envelope\"><\/i> <a href=\"mailto:dyrektor@poradnia.wielun.pl\">dyrektor@poradnia.wielun.pl<\/a><\/p>\n<\/div>\n\n\n\n<div style=\"border: 1px solid #aaa; border-radius: 0.5rem;\">\n<div style=\"padding: 0.5rem; background: #eee; border-radius: 0.5rem 0.5rem 0 0;\">powiat zgierski<\/div>\n<p style=\"margin: 0; padding: 0.5rem;\">Koordynator wsparcia mi\u0119dzysektorowego: <em><strong>Jaros\u0142awa Kwa\u015bniak<\/strong><\/em> <i class=\"fas fa-solid fa-envelope\"><\/i> <a href=\"mailto:j.kwasniak@poradniaozorkow.pl\">j.kwasniak@poradniaozorkow.pl<\/a><br>Koordynator Instytucji Koordynuj\u0105cej: <em><strong>Agata Barzy\u0144ska<\/strong><\/em> <i class=\"fas fa-solid fa-envelope\"><\/i> <a href=\"mailto:a.barzynska@poradniaozorkow.pl\">a.barzynska@poradniaozorkow.pl<\/a><\/p>\n<\/div>\n\n\n\n<h4 class=\"wp-block-heading\">Wojew\u00f3dztwo mazowieckie:<\/h4>\n\n\n\n<div style=\"border: 1px solid #aaa; border-radius: 0.5rem;\">\n<div style=\"padding: 0.5rem; background: #eee; border-radius: 0.5rem 0.5rem 0 0;\">Ostro\u0142\u0119ka (miasto na prawach powiatu)<\/div>\n<p style=\"margin: 0; padding: 0.5rem;\">Koordynator wsparcia mi\u0119dzysektorowego: <em><strong>Beata \u017bebrowska\n<\/strong><\/em> <i class=\"fas fa-solid fa-envelope\"><\/i> <a href=\"mailto:beata.zebrowska@um.ostroleka.pl\">beata.zebrowska@um.ostroleka.pl<\/a><br>Koordynator Instytucji Koordynuj\u0105cej: <em><strong>Wioletta Nowicka-Masztalerz<\/strong><\/em> <i class=\"fas fa-solid fa-envelope\"><\/i> <a href=\"mailto:w.nowicka.masztalerz@wp.pl\">w.nowicka.masztalerz@wp.pl<\/a><\/p>\n<\/div>\n\n\n\n<div style=\"border: 1px solid #aaa; border-radius: 0.5rem;\">\n<div style=\"padding: 0.5rem; background: #eee; border-radius: 0.5rem 0.5rem 0 0;\">powiat gr\u00f3jecki<\/div>\n<p style=\"margin: 0; padding: 0.5rem;\">Koordynator wsparcia mi\u0119dzysektorowego: <em><strong>Agnieszka Glinka<\/strong><\/em> <i class=\"fas fa-solid fa-envelope\"><\/i> <a href=\"mailto:dyrektor.pppwarka@grojec.pl\">dyrektor.pppwarka@grojec.pl<\/a><br>Koordynator Instytucji Koordynuj\u0105cej: <em><strong>Ewa Aleksandrowicz<\/strong><\/em> <i class=\"fas fa-solid fa-envelope\"><\/i> <a href=\"mailto:ewalex@tlen.pl\">ewalex@tlen.pl<\/a><\/p>\n<\/div>\n\n\n\n<div style=\"border: 1px solid #aaa; border-radius: 0.5rem;\">\n<div style=\"padding: 0.5rem; background: #eee; border-radius: 0.5rem 0.5rem 0 0;\">powiat wyszkowski<\/div>\n<p style=\"margin: 0; padding: 0.5rem;\">Koordynator wsparcia mi\u0119dzysektorowego: <em><strong>Agnieszka Deptu\u0142a<\/strong><\/em> <i class=\"fas fa-solid fa-envelope\"><\/i> <a href=\"mailto:a.deptula@powiat-wyszkowski.pl\">a.deptula@powiat-wyszkowski.pl<\/a><br>Koordynator Instytucji Koordynuj\u0105cej: <em><strong>Edyta Jarosz<\/strong><\/em> <i class=\"fas fa-solid fa-envelope\"><\/i> <a href=\"mailto:edyta.jarosz@soswwyszkow.pl\">edyta.jarosz@soswwyszkow.pl<\/a><\/p>\n<\/div>\n\n\n\n<h4 class=\"wp-block-heading\">Wojew\u00f3dztwo opolskie:<\/h4>\n\n\n\n<div style=\"border: 1px solid #aaa; border-radius: 0.5rem;\">\n<div style=\"padding: 0.5rem; background: #eee; border-radius: 0.5rem 0.5rem 0 0;\">powiat brzeski<\/div>\n<p style=\"margin: 0; padding: 0.5rem;\">Koordynator wsparcia mi\u0119dzysektorowego: <em><strong>Barbara Sadkowska-Jakub\u00f3w<\/strong><\/em> <i class=\"fas fa-solid fa-envelope\"><\/i> <a href=\"mailto:bsadkowska60@gmail.com\">bsadkowska60@gmail.com<\/a><br>Koordynator Instytucji Koordynuj\u0105cej: <em><strong>Lidia Witak-\u015awiat\u0142owicz<\/strong><\/em> <i class=\"fas fa-solid fa-envelope\"><\/i> <a href=\"mailto:lidiaswiat@wp.pl\">lidiaswiat@wp.pl<\/a><\/p>\n<\/div>\n\n\n\n<h4 class=\"wp-block-heading\">Wojew\u00f3dztwo podkarpackie:<\/h4>\n\n\n\n<div style=\"border: 1px solid #aaa; border-radius: 0.5rem;\">\n<div style=\"padding: 0.5rem; background: #eee; border-radius: 0.5rem 0.5rem 0 0;\">powiat le\u017cajski<\/div>\n<p style=\"margin: 0; padding: 0.5rem;\">Koordynator wsparcia mi\u0119dzysektorowego: <em><strong>Marta Wr\u00f3bel<\/strong><\/em> <i class=\"fas fa-solid fa-envelope\"><\/i> <a href=\"mailto:mwrobel13@!op.pl\">mwrobel13@!op.pl<\/a><br>Koordynator Instytucji Koordynuj\u0105cej: <em><strong>Ewa Dubiel<\/strong><\/em> <i class=\"fas fa-solid fa-envelope\"><\/i> <a href=\"mailto:ewa.dubiel@ppp.lezajsk.pl\">ewa.dubiel@ppp.lezajsk.pl<\/a><\/p>\n<\/div>\n\n\n\n<div style=\"border: 1px solid #aaa; border-radius: 0.5rem;\">\n<div style=\"padding: 0.5rem; background: #eee; border-radius: 0.5rem 0.5rem 0 0;\">powiat ropczycko-s\u0119dziszowski<\/div>\n<p style=\"margin: 0; padding: 0.5rem;\">Koordynator Wsparcia Mi\u0119dzysektorowego: <em><strong>Sylwia Borowska \n<\/strong><\/em> <i class=\"fas fa-solid fa-envelope\"><\/i> <a href=\"mailto:sborowska@spropczyce.pl\">sborowska@spropczyce.pl<\/a><br>Koordynator Instytucji Koordynuj\u0105cej: <em><strong>Beata B\u0142\u0105d<\/strong><\/em> <i class=\"fas fa-solid fa-envelope\"><\/i> <a href=\"mailto:beatablad@op.pl\">beatablad@op.pl<\/a><\/p>\n<\/div>\n\n\n\n<div style=\"border: 1px solid #aaa; border-radius: 0.5rem;\">\n<div style=\"padding: 0.5rem; background: #eee; border-radius: 0.5rem 0.5rem 0 0;\">powiat rzeszowski<\/div>\n<p style=\"margin: 0; padding: 0.5rem;\">Koordynator Wsparcia Mi\u0119dzysektorowego: <em><strong>El\u017cbieta Kubicka<\/strong><\/em> <i class=\"fas fa-solid fa-envelope\"><\/i> <a href=\"mailto:elzbieta.kubicka@powiat.rzeszowski.pl\">elzbieta.kubicka@powiat.rzeszowski.pl<\/a><br>Koordynator Instytucji Koordynuj\u0105cej: <em><strong>Ma\u0142gorzata Zaborniak-Sobczak<\/strong><\/em> <i class=\"fas fa-solid fa-envelope\"><\/i> <a href=\"mailto:mzaborniak@ur.edu.pl\">mzaborniak@ur.edu.pl<\/a><\/p>\n<\/div>\n\n\n\n<h4 class=\"wp-block-heading\">Wojew\u00f3dztwo podlaskie:<\/h4>\n\n\n\n<div style=\"border: 1px solid #aaa; border-radius: 0.5rem;\">\n<div style=\"padding: 0.5rem; background: #eee; border-radius: 0.5rem 0.5rem 0 0;\">powiat sok\u00f3lski<\/div>\n<p style=\"margin: 0; padding: 0.5rem;\">Koordynator Wsparcia Mi\u0119dzysektorowego: <em><strong>Karolina Bras\u0142awska<\/strong><\/em> <i class=\"fas fa-solid fa-envelope\"><\/i> <a href=\"mailto:karolina.braslawska@sokolka-powiat.pl\">karolina.braslawska@sokolka-powiat.pl<\/a><br>Koordynator Instytucji Koordynuj\u0105cej: <em><strong>Anna Fidziukiewicz<\/strong><\/em> <i class=\"fas fa-solid fa-envelope\"><\/i> <a href=\"mailto:pppsokolka@interia.pl\">pppsokolka@interia.pl<\/a><\/p>\n<\/div>\n\n\n\n<h4 class=\"wp-block-heading\">Wojew\u00f3dztwo pomorskie:<\/h4>\n\n\n\n<div style=\"border: 1px solid #aaa; border-radius: 0.5rem;\">\n<div style=\"padding: 0.5rem; background: #eee; border-radius: 0.5rem 0.5rem 0 0;\">powiat pucki<\/div>\n<p style=\"margin: 0; padding: 0.5rem;\">Koordynator Wsparcia Mi\u0119dzysektorowego: <em><strong>Iwona Domachowska<\/strong><\/em> <i class=\"fas fa-solid fa-envelope\"><\/i> <a href=\"mailto:i.domachowska@starostwo.puck.pl\">i.domachowska@starostwo.puck.pl<\/a><br>Koordynator Instytucji Koordynuj\u0105cej: <em><strong>Jolanta Podhajska<\/strong><\/em> <i class=\"fas fa-solid fa-envelope\"><\/i> <a href=\"mailto:dyrektor@soswpuck.edu.pl\">dyrektor@soswpuck.edu.pl<\/a><\/p>\n<\/div>\n\n\n\n<div style=\"border: 1px solid #aaa; border-radius: 0.5rem;\">\n<div style=\"padding: 0.5rem; background: #eee; border-radius: 0.5rem 0.5rem 0 0;\">powiat s\u0142upski<\/div>\n<p style=\"margin: 0; padding: 0.5rem;\">Koordynator Wsparcia Mi\u0119dzysektorowego: <em><strong>Anetta Pirka<\/strong><\/em> <i class=\"fas fa-solid fa-envelope\"><\/i> <a href=\"mailto:apirka@powiat.slupsk.pl\">apirka@powiat.slupsk.pl<\/a><br>Koordynator Instytucji Koordynuj\u0105cej: <em><strong>Jolanta Kami\u0144ska<\/strong><\/em> <i class=\"fas fa-solid fa-envelope\"><\/i> <a href=\"mailto:jkaminska@poradnia.slupsk.pl\">jkaminska@poradnia.slupsk.pl<\/a><\/p>\n<\/div>\n\n\n\n<h4 class=\"wp-block-heading\">Wojew\u00f3dztwo \u015bl\u0105skie:<\/h4>\n\n\n\n<div style=\"border: 1px solid #aaa; border-radius: 0.5rem;\">\n<div style=\"padding: 0.5rem; background: #eee; border-radius: 0.5rem 0.5rem 0 0;\">Jaworzno (miasto na prawach powiatu)<\/div>\n<p style=\"margin: 0; padding: 0.5rem;\">Koordynator Wsparcia Mi\u0119dzysektorowego: <em><strong>Irena Wojtanowicz-Stadler<\/strong><\/em> <i class=\"fas fa-solid fa-envelope\"><\/i> <a href=\"mailto:irena.wojtanowicz-stadler@um.jaworzno.pl\">irena.wojtanowicz-stadler@um.jaworzno.pl<\/a><br> <em><strong>Ewelina Marcinkowska<\/strong><\/em> <i class=\"fas fa-solid fa-envelope\"><\/i> <a href=\"mailto:ewelina.marcinkowska@um.jaworzno.pl\">ewelina.marcinkowska@um.jaworzno.pl<\/a><br>Koordynator Instytucji Koordynuj\u0105cej: <em><strong>Grzegorz Stano<\/strong><\/em> <i class=\"fas fa-solid fa-envelope\"><\/i> <a href=\"mailto:grzegorz.stano@ppp.jaworzno.edu.pl\">grzegorz.stano@ppp.jaworzno.edu.pl<\/a><\/p>\n<\/div>\n\n\n\n<div style=\"border: 1px solid #aaa; border-radius: 0.5rem;\">\n<div style=\"padding: 0.5rem; background: #eee; border-radius: 0.5rem 0.5rem 0 0;\">Rybnik (miasto na prawach powiatu)<\/div>\n<p style=\"margin: 0; padding: 0.5rem;\">Koordynator Wsparcia Mi\u0119dzysektorowego: <em><strong>Katarzyna Korba\n<\/strong><\/em> <i class=\"fas fa-solid fa-envelope\"><\/i> <a href=\"mailto: edukacja.projekty@um.rybnik.pl\"> edukacja.projekty@um.rybnik.pl<\/a><br>Koordynator Instytucji Koordynuj\u0105cej: <em><strong>Agnieszka Bugdo\u0142-Wrzeszcz<\/strong><\/em> <i class=\"fas fa-solid fa-envelope\"><\/i> <a href=\"mailto:edukacja.projekty@um.rybnik.pl\">edukacja.projekty@um.rybnik.pl<\/a><\/p>\n<\/div>\n\n\n\n<div style=\"border: 1px solid #aaa; border-radius: 0.5rem;\">\n<div style=\"padding: 0.5rem; background: #eee; border-radius: 0.5rem 0.5rem 0 0;\">\u015awi\u0119toch\u0142owice (miasto na prawach powiatu)<\/div>\n<p style=\"margin: 0; padding: 0.5rem;\">Koordynator Wsparcia Mi\u0119dzysektorowego: <em><strong>Dorota Leszczy\u0144ska<\/strong><\/em> <i class=\"fas fa-solid fa-envelope\"><\/i> <a href=\"mailto: d.leszczynska@mzo.swietochlowice.pl\">d.leszczynska@mzo.swietochlowice.pl<\/a><br>Koordynator Instytucji Koordynuj\u0105cej: <em><strong>Leszek Wac\u0142awczyk<\/strong><\/em> <i class=\"fas fa-solid fa-envelope\"><\/i> <a href=\"mailto:leschekw@wp.pl\">leschekw@wp.pl<\/a><\/p>\n<\/div>\n\n\n\n<div style=\"border: 1px solid #aaa; border-radius: 0.5rem;\">\n<div style=\"padding: 0.5rem; background: #eee; border-radius: 0.5rem 0.5rem 0 0;\">Zabrze (miasto na prawach powiatu)<\/div>\n<p style=\"margin: 0; padding: 0.5rem;\">Koordynator Wsparcia Mi\u0119dzysektorowego: <em><strong>Magda Aksamitowska-Kobos<\/strong><\/em> <i class=\"fas fa-solid fa-envelope\"><\/i> <a href=\"mailto: dyrektor@crr.miastozabrze.pl\">dyrektor@crr.miastozabrze.pl<\/a><br>Koordynator Instytucji Koordynuj\u0105cej: <em><strong>Barbara Janus<\/strong><\/em> <i class=\"fas fa-solid fa-envelope\"><\/i> <a href=\"mailto:barbarajanus@crr.miastozabrze.pl\">barbarajanus@crr.miastozabrze.pl<\/a><\/p>\n<\/div>\n\n\n\n<div style=\"border: 1px solid #aaa; border-radius: 0.5rem;\">\n<div style=\"padding: 0.5rem; background: #eee; border-radius: 0.5rem 0.5rem 0 0;\">powiat cieszy\u0144ski<\/div>\n<p style=\"margin: 0; padding: 0.5rem;\">Koordynator Wsparcia Mi\u0119dzysektorowego: <em><strong>Sylwia Wrona\n<\/strong><\/em> <i class=\"fas fa-solid fa-envelope\"><\/i> <a href=\"mailto:s.wrona@tppsk.pl\">s.wrona@tppsk.pl<\/a><br>Koordynator Instytucji Koordynuj\u0105cej: <em><strong>Lucyna Legierska<\/strong><\/em> <i class=\"fas fa-solid fa-envelope\"><\/i> <a href=\"mailto:l.legierska@tppsk.pl\">l.legierska@tppsk.pl<\/a><\/p>\n<\/div>\n\n\n\n<div style=\"border: 1px solid #aaa; border-radius: 0.5rem;\">\n<div style=\"padding: 0.5rem; background: #eee; border-radius: 0.5rem 0.5rem 0 0;\">powiat \u017cywiecki<\/div>\n<p style=\"margin: 0; padding: 0.5rem;\">Koordynator Wsparcia Mi\u0119dzysektorowego: <em><strong>Andrzej Widzyk<\/strong><\/em> <i class=\"fas fa-solid fa-envelope\"><\/i> <a href=\"mailto:dyrektor.ow@zywiec.powiat.pl\">dyrektor.ow@zywiec.powiat.pl<\/a><br>Koordynator Instytucji Koordynuj\u0105cej: <em><strong>Magdalena Worek\n<\/strong><\/em> <i class=\"fas fa-solid fa-envelope\"><\/i> <a href=\"mailto:sekretariat@sosw.zywiec.pl\">sekretariat@sosw.zywiec.pl<\/a><\/p>\n<\/div>\n\n\n\n<h4 class=\"wp-block-heading\">Wojew\u00f3dztwo \u015bwi\u0119tokrzyskie:<\/h4>\n\n\n\n<div style=\"border: 1px solid #aaa; border-radius: 0.5rem;\">\n<div style=\"padding: 0.5rem; background: #eee; border-radius: 0.5rem 0.5rem 0 0;\">powiat skar\u017cyski<\/div>\n<p style=\"margin: 0; padding: 0.5rem;\">Koordynator Wsparcia Mi\u0119dzysektorowego: <em><strong>Irmina Sochmal-Buczek<\/strong><\/em> <i class=\"fas fa-solid fa-envelope\"><\/i> <a href=\"mailto:irmina.stochmal@skarzysko.powiat.pl\">irmina.stochmal@skarzysko.powiat.pl<\/a><br>Koordynator Instytucji Koordynuj\u0105cej: <em><strong>Marzena Sala<\/strong><\/em> <i class=\"fas fa-solid fa-envelope\"><\/i> <a href=\"mailto:ppp@pcreskarzysko.pl\">ppp@pcreskarzysko.pl<\/a><\/p>\n<\/div>\n\n\n\n<h4 class=\"wp-block-heading\">Wojew\u00f3dztwo warmi\u0144sko-mazurskie:<\/h4>\n\n\n\n<div style=\"border: 1px solid #aaa; border-radius: 0.5rem;\">\n<div style=\"padding: 0.5rem; background: #eee; border-radius: 0.5rem 0.5rem 0 0;\">Olsztyn (miasto na prawach powiatu)<\/div>\n<p style=\"margin: 0; padding: 0.5rem;\">Koordynator Wsparcia Mi\u0119dzysektorowego: <em><strong>Wies\u0142awa Szafra\u0144ska-Bortkiewicz<\/strong><\/em> <i class=\"fas fa-solid fa-envelope\"><\/i> <a href=\"mailto:szafranska.wieslawa@olsztyn.eu\">szafranska.wieslawa@olsztyn.eu<\/a><br>Koordynator Instytucji Koordynuj\u0105cej: <em><strong>Anna Jeli\u0144ska<\/strong><\/em> <i class=\"fas fa-solid fa-envelope\"><\/i> <a href=\"mailto:jelinska.anna@ppp1.olsztyn.eu\">jelinska.anna@ppp1.olsztyn.eu<\/a><\/p>\n<\/div>\n\n\n\n<div style=\"border: 1px solid #aaa; border-radius: 0.5rem;\">\n<div style=\"padding: 0.5rem; background: #eee; border-radius: 0.5rem 0.5rem 0 0;\">powiat bartoszycki<\/div>\n<p style=\"margin: 0; padding: 0.5rem;\">Koordynator Wsparcia Mi\u0119dzysektorowego: <em><strong>Ewa Izdebska\n<\/strong><\/em> <i class=\"fas fa-solid fa-envelope\"><\/i> <a href=\"mailto:izdebska.ewa@powiat.bartoszyce.pl\">izdebska.ewa@powiat.bartoszyce.pl<\/a><br>Koordynator Instytucji Koordynuj\u0105cej: <em><strong>Ewa Rodziewicz\n<\/strong><\/em> <i class=\"fas fa-solid fa-envelope\"><\/i> <a href=\"mailto:ewarodziewicz@odn-pcre.pl\">ewarodziewicz@odn-pcre.pl<\/a><\/p>\n<\/div>\n\n\n\n<div style=\"border: 1px solid #aaa; border-radius: 0.5rem;\">\n<div style=\"padding: 0.5rem; background: #eee; border-radius: 0.5rem 0.5rem 0 0;\">powiat k\u0119trzy\u0144ski<\/div>\n<p style=\"margin: 0; padding: 0.5rem;\">Koordynator Wsparcia Mi\u0119dzysektorowego: <em><strong>Danuta Tomczak\n<\/strong><\/em> <i class=\"fas fa-solid fa-envelope\"><\/i> <a href=\"mailto:danuta.tomczak@starostwo.ketrzyn.pl\">danuta.tomczak@starostwo.ketrzyn.pl<\/a><br>Koordynator Instytucji Koordynuj\u0105cej: <em><strong>Marta Kragiel<\/strong><\/em> <i class=\"fas fa-solid fa-envelope\"><\/i> <a href=\"mailto:marta.kragiel@powreketrzyn.pl\">marta.kragiel@powreketrzyn.pl<\/a><\/p>\n<\/div>\n\n\n\n<div style=\"border: 1px solid #aaa; border-radius: 0.5rem;\">\n<div style=\"padding: 0.5rem; background: #eee; border-radius: 0.5rem 0.5rem 0 0;\">powiat nidzicki<\/div>\n<p style=\"margin: 0; padding: 0.5rem;\">Koordynator Wsparcia Mi\u0119dzysektorowego: <em><strong>Ma\u0142gorzata Wili\u0144ska<\/strong><\/em> <i class=\"fas fa-solid fa-envelope\"><\/i> <a href=\"mailto:malgoswil@onet.eu\">malgoswil@onet.eu<\/a><br>Koordynator Instytucji Koordynuj\u0105cej: <em><strong>Marta Bonalska<\/strong><\/em> <i class=\"fas fa-solid fa-envelope\"><\/i> <a href=\"mailto:bonalskamarta@gmail.com\">bonalskamarta@gmail.com<\/a><\/p>\n<\/div>\n\n\n\n<div style=\"border: 1px solid #aaa; border-radius: 0.5rem;\">\n<div style=\"padding: 0.5rem; background: #eee; border-radius: 0.5rem 0.5rem 0 0;\">powiat olecki<\/div>\n<p style=\"margin: 0; padding: 0.5rem;\">Koordynator Wsparcia Mi\u0119dzysektorowego: <em><strong>Dorota Chalecka\n<\/strong><\/em> <i class=\"fas fa-solid fa-envelope\"><\/i> <a href=\"mailto:edukacja@powiat.olecko.pl\">edukacja@powiat.olecko.pl<\/a><br>Koordynator Instytucji Koordynuj\u0105cej: <em><strong>El\u017cbieta Domasik\n<\/strong><\/em> <i class=\"fas fa-solid fa-envelope\"><\/i> <a href=\"mailto:e.domasik@pcwe.olecko.pl\">e.domasik@pcwe.olecko.pl<\/a><\/p>\n<\/div>\n\n\n\n<h4 class=\"wp-block-heading\">Wojew\u00f3dztwo wielkopolskie:<\/h4>\n\n\n\n<div style=\"border: 1px solid #aaa; border-radius: 0.5rem;\">\n<div style=\"padding: 0.5rem; background: #eee; border-radius: 0.5rem 0.5rem 0 0;\">powiat koni\u0144ski<\/div>\n<p style=\"margin: 0; padding: 0.5rem;\">Koordynator Wsparcia Mi\u0119dzysektorowego: <em><strong>Tomasz Kubalak\n<\/strong><\/em> <i class=\"fas fa-solid fa-envelope\"><\/i> <a href=\"mailto:tomasz.kubalak@pcpr.konin.pl\">tomasz.kubalak@pcpr.konin.pl<\/a><br>Koordynator Instytucji Koordynuj\u0105cej: <em><strong>El\u017cbieta Sroczy\u0144ska\n<\/strong><\/em> <i class=\"fas fa-solid fa-envelope\"><\/i> <a href=\"mailto:elzbieta.sroczynska@pcpr.konin.pl\">elzbieta.sroczynska@pcpr.konin.pl<\/a><\/p>\n<\/div>\n\n\n\n<h4 class=\"wp-block-heading\">Wojew\u00f3dztwo zachodniopomorskie:<\/h4>\n\n\n\n<div style=\"border: 1px solid #aaa; border-radius: 0.5rem;\">\n<div style=\"padding: 0.5rem; background: #eee; border-radius: 0.5rem 0.5rem 0 0;\">powiat pyrzycki<\/div>\n<p style=\"margin: 0; padding: 0.5rem;\">Koordynator Wsparcia Mi\u0119dzysektorowego: <em><strong>Wioletta Le\u015bniewska<\/strong><\/em> <i class=\"fas fa-solid fa-envelope\"><\/i> <a href=\"mailto:w.lesniewska@pyrzyce.pl\">w.lesniewska@pyrzyce.pl<\/a><br>Koordynator Instytucji Koordynuj\u0105cej: <em><strong>Kamila Wojszkun &#8211; Piasecka<\/strong><\/em> <i class=\"fas fa-solid fa-envelope\"><\/i> <a href=\"mailto:kamila-piasecka@o2.pl\">kamila-piasecka@o2.pl<\/a><\/p>\n<\/div>\n\n\n\n<div style=\"border: 1px solid #aaa; border-radius: 0.5rem;\">\n<div style=\"padding: 0.5rem; background: #eee; border-radius: 0.5rem 0.5rem 0 0;\">powiat szczecinecki<\/div>\n<p style=\"margin: 0; padding: 0.5rem;\">Koordynator Wsparcia Mi\u0119dzysektorowego: <em><strong>Dorota Patkowska\n<\/strong><\/em> <i class=\"fas fa-solid fa-envelope\"><\/i> <a href=\"mailto:doda.patkowska@wp.pl\">doda.patkowska@wp.pl<\/a><br>Koordynator Instytucji Koordynuj\u0105cej: <em><strong>Joanna Stachyra<\/strong><\/em> <i class=\"fas fa-solid fa-envelope\"><\/i> <a href=\"mailto:js_gabinet@interia.pl\">js_gabinet@interia.pl<\/a><\/p>\n<\/div>\n","protected":false},"excerpt":{"rendered":"<p>Dzi\u0119kujemy wszystkim powiatom za zg\u0142oszenie si\u0119 do projektu.&nbsp; Powiaty uczestnicz\u0105ce w projekcie s\u0105 zr\u00f3\u017cnicowane pod wzgl\u0119dem&nbsp;obszaru, populacji oraz stopy urbanizacji. Wojew\u00f3dztwo dolno\u015bl\u0105skie: [&hellip;]<\/p>\n","protected":false},"author":1,"featured_media":0,"parent":0,"menu_order":0,"comment_status":"closed","ping_status":"closed","template":"","meta":{"footnotes":""},"class_list":["post-14","page","type-page","status-publish","hentry"],"_links":{"self":[{"href":"https:\/\/mwm.us.edu.pl\/index.php\/wp-json\/wp\/v2\/pages\/14","targetHints":{"allow":["GET"]}}],"collection":[{"href":"https:\/\/mwm.us.edu.pl\/index.php\/wp-json\/wp\/v2\/pages"}],"about":[{"href":"https:\/\/mwm.us.edu.pl\/index.php\/wp-json\/wp\/v2\/types\/page"}],"author":[{"embeddable":true,"href":"https:\/\/mwm.us.edu.pl\/index.php\/wp-json\/wp\/v2\/users\/1"}],"replies":[{"embeddable":true,"href":"https:\/\/mwm.us.edu.pl\/index.php\/wp-json\/wp\/v2\/comments?post=14"}],"version-history":[{"count":49,"href":"https:\/\/mwm.us.edu.pl\/index.php\/wp-json\/wp\/v2\/pages\/14\/revisions"}],"predecessor-version":[{"id":992,"href":"https:\/\/mwm.us.edu.pl\/index.php\/wp-json\/wp\/v2\/pages\/14\/revisions\/992"}],"wp:attachment":[{"href":"https:\/\/mwm.us.edu.pl\/index.php\/wp-json\/wp\/v2\/media?parent=14"}],"curies":[{"name":"wp","href":"https:\/\/api.w.org\/{rel}","templated":true}]}}